{"id":12,"date":"2019-09-14T07:38:24","date_gmt":"2019-09-14T07:38:24","guid":{"rendered":"http:\/\/firatgida.com.tr\/?page_id=12"},"modified":"2019-09-25T15:45:27","modified_gmt":"2019-09-25T15:45:27","slug":"hakkimizda","status":"publish","type":"page","link":"https:\/\/www.firatgida.com.tr\/index.php\/hakkimizda\/","title":{"rendered":"Hakk\u0131m\u0131zda"},"content":{"rendered":"<p><span style=\"color: #ffffff; font-family: 'Tahoma',sans-serif; font-size: 10.5pt;\">F\u0131rat G\u0131da Paz. Ve Da\u011f.\u0130n\u015f.Turz.San.Ve Tic.Ltd. \u015eti. 1997 y\u0131l\u0131nda Esat \u00dcZEN taraf\u0131ndan bir aile \u015firketi olarak kurulmu\u015ftur. 150 m2 lik kapal\u0131 alanda kurulan \u015firket, bug\u00fcn organize sanayi b\u00f6lgesinde 2400 m2 lik \u00e7a\u011fda\u015f, sa\u011fl\u0131kl\u0131 depolama alan\u0131nda, se\u00e7kin personeli ve da\u011f\u0131t\u0131m ara\u00e7lar\u0131yla \u00c7anakkale merkez, t\u00fcm il\u00e7e ve k\u00f6ylerine kalitesiyle, g\u00fcvenilirli\u011fiyle ve teknolojik altyap\u0131s\u0131yla \u00fclkemizde ve Avrupa da s\u00f6z sahibi \u00fcretici firmalar\u0131n \u00fcr\u00fcnlerini i\u015f ortaklar\u0131m\u0131z olan perakende sat\u0131\u015f noktalar\u0131 vas\u0131tas\u0131yla nihai t\u00fcketicilere en h\u0131zl\u0131 \u015fekilde ula\u015ft\u0131rmaya \u00e7al\u0131\u015fmaktad\u0131r.<\/span><\/p>\n<p><span style=\"color: #ffffff; font-family: 'Tahoma',sans-serif; font-size: 10.5pt;\">&nbsp;<\/span><\/p>\n<p><span style=\"color: #ffffff; font-family: 'Tahoma',sans-serif; font-size: 10.5pt;\">&nbsp;<\/span><\/p>\n<p><span style=\"color: #ffffff;\"><b><span style=\"font-family: 'Tahoma',sans-serif; font-size: 10.5pt;\">M\u0130SYONUMUZ<\/span><\/b><span style=\"font-family: 'Tahoma',sans-serif; font-size: 10.5pt;\"><br \/>\n\u00c7anakkale b\u00f6lgesinde kaliteli ve g\u00fcvenilir \u00fcr\u00fcnleri pazarlayan, kanunlara ve i\u015f ahlak\u0131na uygun \u00e7al\u0131\u015fan, \u00e7a\u011fda\u015f sat\u0131\u015f y\u00f6ntemlerini kullanarak, kaliteli hizmet sunarak ve \u00fcr\u00fcn \u00e7e\u015fitlili\u011fimizi artt\u0131rarak istikrarl\u0131 bir \u015fekilde b\u00fcy\u00fcyen bir \u015firket olmak istiyoruz.<\/span><\/span><\/p>\n<p><span style=\"color: #ffffff; font-family: 'Tahoma',sans-serif; font-size: 10.5pt;\">&nbsp;<\/span><\/p>\n<p><span style=\"color: #ffffff;\"><b><span style=\"font-family: 'Tahoma',sans-serif; font-size: 10.5pt;\">V\u0130ZYONUMUZ<\/span><\/b><span style=\"font-family: 'Tahoma',sans-serif; font-size: 10.5pt;\"><br \/>\nM\u00fc\u015fteri memnuniyetini temel ilke edinen, kaliteli \u00fcr\u00fcn satmaktan \u00f6d\u00fcn vermeyen, \u00e7al\u0131\u015fanlar\u0131yla mutlu, m\u00fc\u015fterileriyle bar\u0131\u015f\u0131k ve hizmetiyle b\u00f6lgemizde lider bir pazarlama \u015firketi olmakt\u0131r.<\/span><\/span><\/p>\n","protected":false},"excerpt":{"rendered":"<p>F\u0131rat G\u0131da Paz. Ve Da\u011f.\u0130n\u015f.Turz.San.Ve Tic.Ltd. \u015eti. 1997 y\u0131l\u0131nda Esat \u00dcZEN taraf\u0131ndan bir aile \u015firketi olarak kurulmu\u015ftur. 150 m2 lik kapal\u0131 alanda kurulan \u015firket, bug\u00fcn organize sanayi b\u00f6lgesinde 2400 m2 lik \u00e7a\u011fda\u015f, sa\u011fl\u0131kl\u0131 depolama alan\u0131nda, se\u00e7kin personeli ve da\u011f\u0131t\u0131m ara\u00e7lar\u0131yla \u00c7anakkale merkez, t\u00fcm il\u00e7e ve k\u00f6ylerine kalitesiyle, g\u00fcvenilirli\u011fiyle ve teknolojik altyap\u0131s\u0131yla \u00fclkemizde ve Avrupa da &hellip; <\/p>\n<p class=\"link-more\"><a href=\"https:\/\/www.firatgida.com.tr\/index.php\/hakkimizda\/\" class=\"more-link\">Okumaya devam et<span class=\"screen-reader-text\"> &#8220;Hakk\u0131m\u0131zda&#8221;<\/span><\/a><\/p>\n","protected":false},"author":1,"featured_media":386,"parent":0,"menu_order":0,"comment_status":"closed","ping_status":"closed","template":"","meta":{"footnotes":""},"class_list":["post-12","page","type-page","status-publish","has-post-thumbnail","hentry"],"_links":{"self":[{"href":"https:\/\/www.firatgida.com.tr\/index.php\/wp-json\/wp\/v2\/pages\/12","targetHints":{"allow":["GET"]}}],"collection":[{"href":"https:\/\/www.firatgida.com.tr\/index.php\/wp-json\/wp\/v2\/pages"}],"about":[{"href":"https:\/\/www.firatgida.com.tr\/index.php\/wp-json\/wp\/v2\/types\/page"}],"author":[{"embeddable":true,"href":"https:\/\/www.firatgida.com.tr\/index.php\/wp-json\/wp\/v2\/users\/1"}],"replies":[{"embeddable":true,"href":"https:\/\/www.firatgida.com.tr\/index.php\/wp-json\/wp\/v2\/comments?post=12"}],"version-history":[{"count":4,"href":"https:\/\/www.firatgida.com.tr\/index.php\/wp-json\/wp\/v2\/pages\/12\/revisions"}],"predecessor-version":[{"id":387,"href":"https:\/\/www.firatgida.com.tr\/index.php\/wp-json\/wp\/v2\/pages\/12\/revisions\/387"}],"wp:featuredmedia":[{"embeddable":true,"href":"https:\/\/www.firatgida.com.tr\/index.php\/wp-json\/wp\/v2\/media\/386"}],"wp:attachment":[{"href":"https:\/\/www.firatgida.com.tr\/index.php\/wp-json\/wp\/v2\/media?parent=12"}],"curies":[{"name":"wp","href":"https:\/\/api.w.org\/{rel}","templated":true}]}}